{"id":315588,"date":"2024-05-17T10:45:32","date_gmt":"2024-05-17T09:45:32","guid":{"rendered":"https:\/\/devetoper.com\/properties\/n8028\/"},"modified":"2025-11-16T04:59:28","modified_gmt":"2025-11-16T03:59:28","slug":"n8028","status":"publish","type":"property","link":"https:\/\/dev003.devetoper.com\/de\/properties\/n8028\/","title":{"rendered":"N8028"},"content":{"rendered":"<p>ERSTER MARKT-WOHNKOMPLEX IN EL VERGEL Ein prim\u00e4rer Wohnkomplex mit 65 modernen 2-Schlafzimmer-Wohnungen und 2 und 3-Schlafzimmer-Stadth\u00e4usern in El Vergel. In Anlehnung an die Nachhaltigkeit und Energieeffizienz des Wohnkomplexes haben die Planer ein Design entworfen, in dem Reiheneinfamilienh\u00e4user \u00fcberwiegen. Dieses Wohnkonzept bietet ein Umfeld, in dem die Gemeinschaftsr\u00e4ume allen Bewohnern zug\u00e4nglich sind, w\u00e4hrend jedes Haus \u00fcber seine eigenen privaten R\u00e4ume verf\u00fcgt, die sowohl innen als auch au\u00dfen f\u00fcr den t\u00e4glichen Gebrauch zur Verf\u00fcgung stehen. Die Gemeinschaftsbereiche atmen eine nat\u00fcrliche und einladende Atmosph\u00e4re. Wenn Sie die verschiedenen Bereiche erkunden, werden Sie ideale Orte zum Spazierengehen, Sport treiben und vor allem zum Radfahren finden. Erleben Sie einen einzigartigen Lebensstil in einer Wohngemeinschaft, in der jedes Detail mit Blick auf Komfort und Vergn\u00fcgen entworfen wurde. Nehmen Sie ein Bad im erfrischenden Pool, trainieren Sie im Fitnessstudio, entspannen Sie in der Sauna und erleben Sie unvergessliche Momente mit Familie und Freunden im Social Club.Einrichtungen: Schwimmbad Fitnessraum Sauna G\u00e4rten Sozialclub Strandpunkt Nachhaltige Energie Die Wohnanlage ist ein Gemeinschaftsbereich, in dem Sie den Strand von La Almadraba in seiner reinsten Form genie\u00dfen k\u00f6nnen. Die Bewohner haben Zugang zu diesem Bereich am Meer, wo sie ihre eigenen Veranstaltungen abhalten, ihre Fahrr\u00e4der abstellen, ihre nautische Ausr\u00fcstung aufbewahren und nach einem Bad im Meer duschen oder in den Pool gehen k\u00f6nnen. Tor zum Meer am Strand von La Almadraba in Denia.<\/p>\n","protected":false},"excerpt":{"rendered":"<p>ERSTER MARKT-WOHNKOMPLEX IN EL VERGEL Ein prim\u00e4rer Wohnkomplex mit 65 modernen 2-Schlafzimmer-Wohnungen und 2 und 3-Schlafzimmer-Stadth\u00e4usern in El Vergel. In Anlehnung an die Nachhaltigkeit und Energieeffizienz des Wohnkomplexes haben die Planer ein Design entworfen, in dem Reiheneinfamilienh\u00e4user \u00fcberwiegen. Dieses Wohnkonzept bietet ein Umfeld, in dem die Gemeinschaftsr\u00e4ume allen Bewohnern zug\u00e4nglich sind, w\u00e4hrend jedes Haus \u00fcber&#8230;<\/p>\n","protected":false},"author":43,"featured_media":0,"menu_order":0,"template":"","meta":{"_acf_changed":false,"_kad_blocks_custom_css":"","_kad_blocks_head_custom_js":"","_kad_blocks_body_custom_js":"","_kad_blocks_footer_custom_js":"","_kad_post_transparent":"","_kad_post_title":"","_kad_post_layout":"","_kad_post_sidebar_id":"","_kad_post_content_style":"","_kad_post_vertical_padding":"","_kad_post_feature":"","_kad_post_feature_position":"","_kad_post_header":false,"_kad_post_footer":false,"_joinchat":[],"footnotes":""},"categories":[],"tags":[],"class_list":["post-315588","property","type-property","status-publish","hentry"],"acf":{"add_photos":[130620,130621,130622,130623,130624,130625,130626,130627,130628,130629,130630,130631,130632,130633,130634,130635,130636,130637,130638,130639,130640,130641],"video":""},"yoast_head":"<!-- This site is optimized with the Yoast SEO plugin v24.5 - https:\/\/yoast.com\/wordpress\/plugins\/seo\/ -->\n<title>N8028 - Devetoper<\/title>\n<meta name=\"robots\" content=\"noindex, follow\" \/>\n<meta property=\"og:locale\" content=\"de_DE\" \/>\n<meta property=\"og:type\" content=\"article\" \/>\n<meta property=\"og:title\" content=\"N8028 - Devetoper\" \/>\n<meta property=\"og:description\" content=\"ERSTER MARKT-WOHNKOMPLEX IN EL VERGEL Ein prim\u00e4rer Wohnkomplex mit 65 modernen 2-Schlafzimmer-Wohnungen und 2 und 3-Schlafzimmer-Stadth\u00e4usern in El Vergel. In Anlehnung an die Nachhaltigkeit und Energieeffizienz des Wohnkomplexes haben die Planer ein Design entworfen, in dem Reiheneinfamilienh\u00e4user \u00fcberwiegen. Dieses Wohnkonzept bietet ein Umfeld, in dem die Gemeinschaftsr\u00e4ume allen Bewohnern zug\u00e4nglich sind, w\u00e4hrend jedes Haus \u00fcber...\" \/>\n<meta property=\"og:url\" content=\"https:\/\/dev003.devetoper.com\/de\/properties\/n8028\/\" \/>\n<meta property=\"og:site_name\" content=\"Devetoper\" \/>\n<meta property=\"article:publisher\" content=\"https:\/\/www.facebook.com\/DEVETOPERCOM\" \/>\n<meta property=\"article:modified_time\" content=\"2025-11-16T03:59:28+00:00\" \/>\n<meta property=\"og:image\" content=\"https:\/\/dev003.devetoper.com\/wp-content\/uploads\/2024\/05\/FALLBACK.png\" \/>\n\t<meta property=\"og:image:width\" content=\"1200\" \/>\n\t<meta property=\"og:image:height\" content=\"675\" \/>\n\t<meta property=\"og:image:type\" content=\"image\/png\" \/>\n<meta name=\"twitter:card\" content=\"summary_large_image\" \/>\n<meta name=\"twitter:site\" content=\"@DEVETOPER\" \/>\n<meta name=\"twitter:label1\" content=\"Gesch\u00e4tzte Lesezeit\" \/>\n\t<meta name=\"twitter:data1\" content=\"1 minute\" \/>\n<script type=\"application\/ld+json\" class=\"yoast-schema-graph\">{\"@context\":\"https:\/\/schema.org\",\"@graph\":[{\"@type\":[\"WebPage\",\"RealEstateListing\"],\"@id\":\"https:\/\/dev003.devetoper.com\/de\/properties\/n8028\/\",\"url\":\"https:\/\/dev003.devetoper.com\/de\/properties\/n8028\/\",\"name\":\"N8028 - Devetoper\",\"isPartOf\":{\"@id\":\"https:\/\/devetoper.com\/#website\"},\"datePublished\":\"2024-05-17T09:45:32+00:00\",\"dateModified\":\"2025-11-16T03:59:28+00:00\",\"breadcrumb\":{\"@id\":\"https:\/\/dev003.devetoper.com\/de\/properties\/n8028\/#breadcrumb\"},\"inLanguage\":\"de-DE\",\"potentialAction\":[{\"@type\":\"ReadAction\",\"target\":[\"https:\/\/dev003.devetoper.com\/de\/properties\/n8028\/\"]}]},{\"@type\":\"BreadcrumbList\",\"@id\":\"https:\/\/dev003.devetoper.com\/de\/properties\/n8028\/#breadcrumb\",\"itemListElement\":[{\"@type\":\"ListItem\",\"position\":1,\"name\":\"Startseite\",\"item\":\"https:\/\/devetoper.com\/de\/\"},{\"@type\":\"ListItem\",\"position\":2,\"name\":\"Properties\",\"item\":\"https:\/\/dev003.devetoper.com\/de\/properties\/\"},{\"@type\":\"ListItem\",\"position\":3,\"name\":\"N8028\"}]},{\"@type\":\"WebSite\",\"@id\":\"https:\/\/devetoper.com\/#website\",\"url\":\"https:\/\/devetoper.com\/\",\"name\":\"Devetoper\",\"description\":\"\u041f\u0440\u043e\u0444\u0435\u0441\u0441\u0438\u043e\u043d\u0430\u043b\u0438\u0437\u043c, \u043e\u0431\u0435\u0441\u043f\u0435\u0447\u0438\u0432\u0430\u044e\u0449\u0438\u0439 \u0431\u0435\u0437\u043e\u043f\u0430\u0441\u043d\u043e\u0441\u0442\u044c \u043a\u0430\u0436\u0434\u043e\u0439 \u0442\u0440\u0430\u043d\u0437\u0430\u043a\u0446\u0438\u0438\",\"publisher\":{\"@id\":\"https:\/\/devetoper.com\/#organization\"},\"potentialAction\":[{\"@type\":\"SearchAction\",\"target\":{\"@type\":\"EntryPoint\",\"urlTemplate\":\"https:\/\/devetoper.com\/?s={search_term_string}\"},\"query-input\":{\"@type\":\"PropertyValueSpecification\",\"valueRequired\":true,\"valueName\":\"search_term_string\"}}],\"inLanguage\":\"de-DE\"},{\"@type\":\"Organization\",\"@id\":\"https:\/\/devetoper.com\/#organization\",\"name\":\"Devetoper\",\"url\":\"https:\/\/devetoper.com\/\",\"logo\":{\"@type\":\"ImageObject\",\"inLanguage\":\"de-DE\",\"@id\":\"https:\/\/devetoper.com\/#\/schema\/logo\/image\/\",\"url\":\"https:\/\/devetoper.com\/wp-content\/uploads\/2024\/05\/ORG_FALLBACK.png\",\"contentUrl\":\"https:\/\/devetoper.com\/wp-content\/uploads\/2024\/05\/ORG_FALLBACK.png\",\"width\":696,\"height\":696,\"caption\":\"Devetoper\"},\"image\":{\"@id\":\"https:\/\/devetoper.com\/#\/schema\/logo\/image\/\"},\"sameAs\":[\"https:\/\/www.facebook.com\/DEVETOPERCOM\",\"https:\/\/x.com\/DEVETOPER\",\"https:\/\/www.youtube.com\/channel\/UCRF8haCQIXnFKmW464sqApQ\",\"https:\/\/www.tiktok.com\/@devetoper\",\"https:\/\/www.instagram.com\/devetoper_\/\"]}]}<\/script>\n<!-- \/ Yoast SEO plugin. -->","yoast_head_json":{"title":"N8028 - Devetoper","robots":{"index":"noindex","follow":"follow"},"og_locale":"de_DE","og_type":"article","og_title":"N8028 - Devetoper","og_description":"ERSTER MARKT-WOHNKOMPLEX IN EL VERGEL Ein prim\u00e4rer Wohnkomplex mit 65 modernen 2-Schlafzimmer-Wohnungen und 2 und 3-Schlafzimmer-Stadth\u00e4usern in El Vergel. In Anlehnung an die Nachhaltigkeit und Energieeffizienz des Wohnkomplexes haben die Planer ein Design entworfen, in dem Reiheneinfamilienh\u00e4user \u00fcberwiegen. Dieses Wohnkonzept bietet ein Umfeld, in dem die Gemeinschaftsr\u00e4ume allen Bewohnern zug\u00e4nglich sind, w\u00e4hrend jedes Haus \u00fcber...","og_url":"https:\/\/dev003.devetoper.com\/de\/properties\/n8028\/","og_site_name":"Devetoper","article_publisher":"https:\/\/www.facebook.com\/DEVETOPERCOM","article_modified_time":"2025-11-16T03:59:28+00:00","og_image":[{"width":1200,"height":675,"url":"https:\/\/dev003.devetoper.com\/wp-content\/uploads\/2024\/05\/FALLBACK.png","type":"image\/png"}],"twitter_card":"summary_large_image","twitter_site":"@DEVETOPER","twitter_misc":{"Gesch\u00e4tzte Lesezeit":"1 minute"},"schema":{"@context":"https:\/\/schema.org","@graph":[{"@type":["WebPage","RealEstateListing"],"@id":"https:\/\/dev003.devetoper.com\/de\/properties\/n8028\/","url":"https:\/\/dev003.devetoper.com\/de\/properties\/n8028\/","name":"N8028 - Devetoper","isPartOf":{"@id":"https:\/\/devetoper.com\/#website"},"datePublished":"2024-05-17T09:45:32+00:00","dateModified":"2025-11-16T03:59:28+00:00","breadcrumb":{"@id":"https:\/\/dev003.devetoper.com\/de\/properties\/n8028\/#breadcrumb"},"inLanguage":"de-DE","potentialAction":[{"@type":"ReadAction","target":["https:\/\/dev003.devetoper.com\/de\/properties\/n8028\/"]}]},{"@type":"BreadcrumbList","@id":"https:\/\/dev003.devetoper.com\/de\/properties\/n8028\/#breadcrumb","itemListElement":[{"@type":"ListItem","position":1,"name":"Startseite","item":"https:\/\/devetoper.com\/de\/"},{"@type":"ListItem","position":2,"name":"Properties","item":"https:\/\/dev003.devetoper.com\/de\/properties\/"},{"@type":"ListItem","position":3,"name":"N8028"}]},{"@type":"WebSite","@id":"https:\/\/devetoper.com\/#website","url":"https:\/\/devetoper.com\/","name":"Devetoper","description":"\u041f\u0440\u043e\u0444\u0435\u0441\u0441\u0438\u043e\u043d\u0430\u043b\u0438\u0437\u043c, \u043e\u0431\u0435\u0441\u043f\u0435\u0447\u0438\u0432\u0430\u044e\u0449\u0438\u0439 \u0431\u0435\u0437\u043e\u043f\u0430\u0441\u043d\u043e\u0441\u0442\u044c \u043a\u0430\u0436\u0434\u043e\u0439 \u0442\u0440\u0430\u043d\u0437\u0430\u043a\u0446\u0438\u0438","publisher":{"@id":"https:\/\/devetoper.com\/#organization"},"potentialAction":[{"@type":"SearchAction","target":{"@type":"EntryPoint","urlTemplate":"https:\/\/devetoper.com\/?s={search_term_string}"},"query-input":{"@type":"PropertyValueSpecification","valueRequired":true,"valueName":"search_term_string"}}],"inLanguage":"de-DE"},{"@type":"Organization","@id":"https:\/\/devetoper.com\/#organization","name":"Devetoper","url":"https:\/\/devetoper.com\/","logo":{"@type":"ImageObject","inLanguage":"de-DE","@id":"https:\/\/devetoper.com\/#\/schema\/logo\/image\/","url":"https:\/\/devetoper.com\/wp-content\/uploads\/2024\/05\/ORG_FALLBACK.png","contentUrl":"https:\/\/devetoper.com\/wp-content\/uploads\/2024\/05\/ORG_FALLBACK.png","width":696,"height":696,"caption":"Devetoper"},"image":{"@id":"https:\/\/devetoper.com\/#\/schema\/logo\/image\/"},"sameAs":["https:\/\/www.facebook.com\/DEVETOPERCOM","https:\/\/x.com\/DEVETOPER","https:\/\/www.youtube.com\/channel\/UCRF8haCQIXnFKmW464sqApQ","https:\/\/www.tiktok.com\/@devetoper","https:\/\/www.instagram.com\/devetoper_\/"]}]}},"taxonomy_info":[],"featured_image_src_large":false,"author_info":{"display_name":"DEVETOPER SPAIN","author_link":"https:\/\/dev003.devetoper.com\/de\/author\/devetoper-spain\/"},"comment_info":"","jetpack_sharing_enabled":true,"_links":{"self":[{"href":"https:\/\/dev003.devetoper.com\/de\/wp-json\/wp\/v2\/property\/315588","targetHints":{"allow":["GET"]}}],"collection":[{"href":"https:\/\/dev003.devetoper.com\/de\/wp-json\/wp\/v2\/property"}],"about":[{"href":"https:\/\/dev003.devetoper.com\/de\/wp-json\/wp\/v2\/types\/property"}],"author":[{"embeddable":true,"href":"https:\/\/dev003.devetoper.com\/de\/wp-json\/wp\/v2\/users\/43"}],"version-history":[{"count":0,"href":"https:\/\/dev003.devetoper.com\/de\/wp-json\/wp\/v2\/property\/315588\/revisions"}],"acf:attachment":[{"embeddable":true,"href":"https:\/\/dev003.devetoper.com\/de\/wp-json\/wp\/v2\/media\/130641"},{"embeddable":true,"href":"https:\/\/dev003.devetoper.com\/de\/wp-json\/wp\/v2\/media\/130640"},{"embeddable":true,"href":"https:\/\/dev003.devetoper.com\/de\/wp-json\/wp\/v2\/media\/130639"},{"embeddable":true,"href":"https:\/\/dev003.devetoper.com\/de\/wp-json\/wp\/v2\/media\/130638"},{"embeddable":true,"href":"https:\/\/dev003.devetoper.com\/de\/wp-json\/wp\/v2\/media\/130637"},{"embeddable":true,"href":"https:\/\/dev003.devetoper.com\/de\/wp-json\/wp\/v2\/media\/130636"},{"embeddable":true,"href":"https:\/\/dev003.devetoper.com\/de\/wp-json\/wp\/v2\/media\/130635"},{"embeddable":true,"href":"https:\/\/dev003.devetoper.com\/de\/wp-json\/wp\/v2\/media\/130634"},{"embeddable":true,"href":"https:\/\/dev003.devetoper.com\/de\/wp-json\/wp\/v2\/media\/130633"},{"embeddable":true,"href":"https:\/\/dev003.devetoper.com\/de\/wp-json\/wp\/v2\/media\/130632"},{"embeddable":true,"href":"https:\/\/dev003.devetoper.com\/de\/wp-json\/wp\/v2\/media\/130631"},{"embeddable":true,"href":"https:\/\/dev003.devetoper.com\/de\/wp-json\/wp\/v2\/media\/130630"},{"embeddable":true,"href":"https:\/\/dev003.devetoper.com\/de\/wp-json\/wp\/v2\/media\/130629"},{"embeddable":true,"href":"https:\/\/dev003.devetoper.com\/de\/wp-json\/wp\/v2\/media\/130628"},{"embeddable":true,"href":"https:\/\/dev003.devetoper.com\/de\/wp-json\/wp\/v2\/media\/130627"},{"embeddable":true,"href":"https:\/\/dev003.devetoper.com\/de\/wp-json\/wp\/v2\/media\/130626"},{"embeddable":true,"href":"https:\/\/dev003.devetoper.com\/de\/wp-json\/wp\/v2\/media\/130625"},{"embeddable":true,"href":"https:\/\/dev003.devetoper.com\/de\/wp-json\/wp\/v2\/media\/130624"},{"embeddable":true,"href":"https:\/\/dev003.devetoper.com\/de\/wp-json\/wp\/v2\/media\/130623"},{"embeddable":true,"href":"https:\/\/dev003.devetoper.com\/de\/wp-json\/wp\/v2\/media\/130622"},{"embeddable":true,"href":"https:\/\/dev003.devetoper.com\/de\/wp-json\/wp\/v2\/media\/130621"},{"embeddable":true,"href":"https:\/\/dev003.devetoper.com\/de\/wp-json\/wp\/v2\/media\/130620"}],"wp:attachment":[{"href":"https:\/\/dev003.devetoper.com\/de\/wp-json\/wp\/v2\/media?parent=315588"}],"wp:term":[{"taxonomy":"category","embeddable":true,"href":"https:\/\/dev003.devetoper.com\/de\/wp-json\/wp\/v2\/categories?post=315588"},{"taxonomy":"post_tag","embeddable":true,"href":"https:\/\/dev003.devetoper.com\/de\/wp-json\/wp\/v2\/tags?post=315588"}],"curies":[{"name":"wp","href":"https:\/\/api.w.org\/{rel}","templated":true}]}}