{"id":328076,"date":"2024-10-04T00:03:04","date_gmt":"2024-10-03T23:03:04","guid":{"rendered":"https:\/\/devetoper.com\/properties\/n8389\/"},"modified":"2025-12-11T17:45:04","modified_gmt":"2025-12-11T16:45:04","slug":"n8389","status":"publish","type":"property","link":"https:\/\/dev003.devetoper.com\/de\/properties\/n8389\/","title":{"rendered":"N8389"},"content":{"rendered":"<p>ERSTER MARKT WOHNKOMPLEX IN LA NUCIA ERSTER MARKT Ein Komplex von freistehenden Villen und Doppelhaush\u00e4lften mit gemeinsamem Schwimmbad in La Nucia. Eine Siedlung mit modernem Design und Bauweise, in der Sie das Klima, die hervorragende Sonneneinstrahlung, den spektakul\u00e4ren Blick auf die Buchten von Benidorm und Albir und einen gesunden Lebensstil genie\u00dfen k\u00f6nnen. Die Gr\u00f6\u00dfe der modernen Immobilien und ihre Konfiguration machen sie ideal f\u00fcr Kunden, die mehr Platz ben\u00f6tigen, die einen Teil ihrer Immobilie vermieten m\u00f6chten, w\u00e4hrend sie ihr eigenes Haus behalten, oder die Platz f\u00fcr Spiele, ein B\u00fcro oder einen Bereich f\u00fcr die j\u00fcngsten Familienmitglieder ben\u00f6tigen.Die H\u00e4user erstrecken sich \u00fcber 3 Etagen und verf\u00fcgen \u00fcber 4 Schlafzimmer, 3 B\u00e4der, ein G\u00e4ste-WC, eine offene K\u00fcche mit Sitzbereich, Einbauschr\u00e4nke, mehrere Terrassen mit Aussicht, Parkpl\u00e4tze f\u00fcr zwei Fahrzeuge und einen Garten mit direktem Zugang zu den Gemeinschaftsbereichen. Viele verf\u00fcgen auch \u00fcber eine Sonnenterrasse, auf der man die Abende mit Freunden im Freien verbringen kann.La Nuc\u00eda ist eine Gemeinde in der Region Marina Baixa in Alicante. Sie grenzt an die Gemeinden Altea, Callosa d&#8217;En Sarri\u00e0, Benidorm, Polop und L&#8217;Alf\u00e0s del Pi. La Nucia liegt im Obsttal zwischen Benidorm und Callosa d&#8217;En Sarri\u00e0, 3 km von der K\u00fcste von Altea entfernt. Das Stadtzentrum befindet sich auf einer Landzunge mit Blick auf das Mittelmeer, 51 km n\u00f6rdlich von Alicante und 8 km n\u00f6rdlich von Benidorm.<\/p>\n","protected":false},"excerpt":{"rendered":"<p>ERSTER MARKT WOHNKOMPLEX IN LA NUCIA ERSTER MARKT Ein Komplex von freistehenden Villen und Doppelhaush\u00e4lften mit gemeinsamem Schwimmbad in La Nucia. Eine Siedlung mit modernem Design und Bauweise, in der Sie das Klima, die hervorragende Sonneneinstrahlung, den spektakul\u00e4ren Blick auf die Buchten von Benidorm und Albir und einen gesunden Lebensstil genie\u00dfen k\u00f6nnen. Die Gr\u00f6\u00dfe der&#8230;<\/p>\n","protected":false},"author":4,"featured_media":0,"menu_order":0,"template":"","meta":{"_acf_changed":false,"_kad_blocks_custom_css":"","_kad_blocks_head_custom_js":"","_kad_blocks_body_custom_js":"","_kad_blocks_footer_custom_js":"","_kad_post_transparent":"","_kad_post_title":"","_kad_post_layout":"","_kad_post_sidebar_id":"","_kad_post_content_style":"","_kad_post_vertical_padding":"","_kad_post_feature":"","_kad_post_feature_position":"","_kad_post_header":false,"_kad_post_footer":false,"_joinchat":[],"footnotes":""},"categories":[],"tags":[],"class_list":["post-328076","property","type-property","status-publish","hentry"],"acf":{"add_photos":[194518,194519,194520,194521,194522,194523,194524,194525,194526,194527,194528,194529,194530,194531,194532,194533],"video":""},"yoast_head":"<!-- This site is optimized with the Yoast SEO plugin v24.5 - https:\/\/yoast.com\/wordpress\/plugins\/seo\/ -->\n<title>N8389 - Devetoper<\/title>\n<meta name=\"robots\" content=\"noindex, follow\" \/>\n<meta property=\"og:locale\" content=\"de_DE\" \/>\n<meta property=\"og:type\" content=\"article\" \/>\n<meta property=\"og:title\" content=\"N8389 - Devetoper\" \/>\n<meta property=\"og:description\" content=\"ERSTER MARKT WOHNKOMPLEX IN LA NUCIA ERSTER MARKT Ein Komplex von freistehenden Villen und Doppelhaush\u00e4lften mit gemeinsamem Schwimmbad in La Nucia. Eine Siedlung mit modernem Design und Bauweise, in der Sie das Klima, die hervorragende Sonneneinstrahlung, den spektakul\u00e4ren Blick auf die Buchten von Benidorm und Albir und einen gesunden Lebensstil genie\u00dfen k\u00f6nnen. Die Gr\u00f6\u00dfe der...\" \/>\n<meta property=\"og:url\" content=\"https:\/\/dev003.devetoper.com\/de\/properties\/n8389\/\" \/>\n<meta property=\"og:site_name\" content=\"Devetoper\" \/>\n<meta property=\"article:publisher\" content=\"https:\/\/www.facebook.com\/DEVETOPERCOM\" \/>\n<meta property=\"article:modified_time\" content=\"2025-12-11T16:45:04+00:00\" \/>\n<meta property=\"og:image\" content=\"https:\/\/dev003.devetoper.com\/wp-content\/uploads\/2024\/05\/FALLBACK.png\" \/>\n\t<meta property=\"og:image:width\" content=\"1200\" \/>\n\t<meta property=\"og:image:height\" content=\"675\" \/>\n\t<meta property=\"og:image:type\" content=\"image\/png\" \/>\n<meta name=\"twitter:card\" content=\"summary_large_image\" \/>\n<meta name=\"twitter:site\" content=\"@DEVETOPER\" \/>\n<meta name=\"twitter:label1\" content=\"Gesch\u00e4tzte Lesezeit\" \/>\n\t<meta name=\"twitter:data1\" content=\"1 minute\" \/>\n<script type=\"application\/ld+json\" class=\"yoast-schema-graph\">{\"@context\":\"https:\/\/schema.org\",\"@graph\":[{\"@type\":[\"WebPage\",\"RealEstateListing\"],\"@id\":\"https:\/\/dev003.devetoper.com\/de\/properties\/n8389\/\",\"url\":\"https:\/\/dev003.devetoper.com\/de\/properties\/n8389\/\",\"name\":\"N8389 - Devetoper\",\"isPartOf\":{\"@id\":\"https:\/\/devetoper.com\/#website\"},\"datePublished\":\"2024-10-03T23:03:04+00:00\",\"dateModified\":\"2025-12-11T16:45:04+00:00\",\"breadcrumb\":{\"@id\":\"https:\/\/dev003.devetoper.com\/de\/properties\/n8389\/#breadcrumb\"},\"inLanguage\":\"de-DE\",\"potentialAction\":[{\"@type\":\"ReadAction\",\"target\":[\"https:\/\/dev003.devetoper.com\/de\/properties\/n8389\/\"]}]},{\"@type\":\"BreadcrumbList\",\"@id\":\"https:\/\/dev003.devetoper.com\/de\/properties\/n8389\/#breadcrumb\",\"itemListElement\":[{\"@type\":\"ListItem\",\"position\":1,\"name\":\"Startseite\",\"item\":\"https:\/\/devetoper.com\/de\/\"},{\"@type\":\"ListItem\",\"position\":2,\"name\":\"Properties\",\"item\":\"https:\/\/dev003.devetoper.com\/de\/properties\/\"},{\"@type\":\"ListItem\",\"position\":3,\"name\":\"N8389\"}]},{\"@type\":\"WebSite\",\"@id\":\"https:\/\/devetoper.com\/#website\",\"url\":\"https:\/\/devetoper.com\/\",\"name\":\"Devetoper\",\"description\":\"\u041f\u0440\u043e\u0444\u0435\u0441\u0441\u0438\u043e\u043d\u0430\u043b\u0438\u0437\u043c, \u043e\u0431\u0435\u0441\u043f\u0435\u0447\u0438\u0432\u0430\u044e\u0449\u0438\u0439 \u0431\u0435\u0437\u043e\u043f\u0430\u0441\u043d\u043e\u0441\u0442\u044c \u043a\u0430\u0436\u0434\u043e\u0439 \u0442\u0440\u0430\u043d\u0437\u0430\u043a\u0446\u0438\u0438\",\"publisher\":{\"@id\":\"https:\/\/devetoper.com\/#organization\"},\"potentialAction\":[{\"@type\":\"SearchAction\",\"target\":{\"@type\":\"EntryPoint\",\"urlTemplate\":\"https:\/\/devetoper.com\/?s={search_term_string}\"},\"query-input\":{\"@type\":\"PropertyValueSpecification\",\"valueRequired\":true,\"valueName\":\"search_term_string\"}}],\"inLanguage\":\"de-DE\"},{\"@type\":\"Organization\",\"@id\":\"https:\/\/devetoper.com\/#organization\",\"name\":\"Devetoper\",\"url\":\"https:\/\/devetoper.com\/\",\"logo\":{\"@type\":\"ImageObject\",\"inLanguage\":\"de-DE\",\"@id\":\"https:\/\/devetoper.com\/#\/schema\/logo\/image\/\",\"url\":\"https:\/\/devetoper.com\/wp-content\/uploads\/2024\/05\/ORG_FALLBACK.png\",\"contentUrl\":\"https:\/\/devetoper.com\/wp-content\/uploads\/2024\/05\/ORG_FALLBACK.png\",\"width\":696,\"height\":696,\"caption\":\"Devetoper\"},\"image\":{\"@id\":\"https:\/\/devetoper.com\/#\/schema\/logo\/image\/\"},\"sameAs\":[\"https:\/\/www.facebook.com\/DEVETOPERCOM\",\"https:\/\/x.com\/DEVETOPER\",\"https:\/\/www.youtube.com\/channel\/UCRF8haCQIXnFKmW464sqApQ\",\"https:\/\/www.tiktok.com\/@devetoper\",\"https:\/\/www.instagram.com\/devetoper_\/\"]}]}<\/script>\n<!-- \/ Yoast SEO plugin. -->","yoast_head_json":{"title":"N8389 - Devetoper","robots":{"index":"noindex","follow":"follow"},"og_locale":"de_DE","og_type":"article","og_title":"N8389 - Devetoper","og_description":"ERSTER MARKT WOHNKOMPLEX IN LA NUCIA ERSTER MARKT Ein Komplex von freistehenden Villen und Doppelhaush\u00e4lften mit gemeinsamem Schwimmbad in La Nucia. Eine Siedlung mit modernem Design und Bauweise, in der Sie das Klima, die hervorragende Sonneneinstrahlung, den spektakul\u00e4ren Blick auf die Buchten von Benidorm und Albir und einen gesunden Lebensstil genie\u00dfen k\u00f6nnen. Die Gr\u00f6\u00dfe der...","og_url":"https:\/\/dev003.devetoper.com\/de\/properties\/n8389\/","og_site_name":"Devetoper","article_publisher":"https:\/\/www.facebook.com\/DEVETOPERCOM","article_modified_time":"2025-12-11T16:45:04+00:00","og_image":[{"width":1200,"height":675,"url":"https:\/\/dev003.devetoper.com\/wp-content\/uploads\/2024\/05\/FALLBACK.png","type":"image\/png"}],"twitter_card":"summary_large_image","twitter_site":"@DEVETOPER","twitter_misc":{"Gesch\u00e4tzte Lesezeit":"1 minute"},"schema":{"@context":"https:\/\/schema.org","@graph":[{"@type":["WebPage","RealEstateListing"],"@id":"https:\/\/dev003.devetoper.com\/de\/properties\/n8389\/","url":"https:\/\/dev003.devetoper.com\/de\/properties\/n8389\/","name":"N8389 - Devetoper","isPartOf":{"@id":"https:\/\/devetoper.com\/#website"},"datePublished":"2024-10-03T23:03:04+00:00","dateModified":"2025-12-11T16:45:04+00:00","breadcrumb":{"@id":"https:\/\/dev003.devetoper.com\/de\/properties\/n8389\/#breadcrumb"},"inLanguage":"de-DE","potentialAction":[{"@type":"ReadAction","target":["https:\/\/dev003.devetoper.com\/de\/properties\/n8389\/"]}]},{"@type":"BreadcrumbList","@id":"https:\/\/dev003.devetoper.com\/de\/properties\/n8389\/#breadcrumb","itemListElement":[{"@type":"ListItem","position":1,"name":"Startseite","item":"https:\/\/devetoper.com\/de\/"},{"@type":"ListItem","position":2,"name":"Properties","item":"https:\/\/dev003.devetoper.com\/de\/properties\/"},{"@type":"ListItem","position":3,"name":"N8389"}]},{"@type":"WebSite","@id":"https:\/\/devetoper.com\/#website","url":"https:\/\/devetoper.com\/","name":"Devetoper","description":"\u041f\u0440\u043e\u0444\u0435\u0441\u0441\u0438\u043e\u043d\u0430\u043b\u0438\u0437\u043c, \u043e\u0431\u0435\u0441\u043f\u0435\u0447\u0438\u0432\u0430\u044e\u0449\u0438\u0439 \u0431\u0435\u0437\u043e\u043f\u0430\u0441\u043d\u043e\u0441\u0442\u044c \u043a\u0430\u0436\u0434\u043e\u0439 \u0442\u0440\u0430\u043d\u0437\u0430\u043a\u0446\u0438\u0438","publisher":{"@id":"https:\/\/devetoper.com\/#organization"},"potentialAction":[{"@type":"SearchAction","target":{"@type":"EntryPoint","urlTemplate":"https:\/\/devetoper.com\/?s={search_term_string}"},"query-input":{"@type":"PropertyValueSpecification","valueRequired":true,"valueName":"search_term_string"}}],"inLanguage":"de-DE"},{"@type":"Organization","@id":"https:\/\/devetoper.com\/#organization","name":"Devetoper","url":"https:\/\/devetoper.com\/","logo":{"@type":"ImageObject","inLanguage":"de-DE","@id":"https:\/\/devetoper.com\/#\/schema\/logo\/image\/","url":"https:\/\/devetoper.com\/wp-content\/uploads\/2024\/05\/ORG_FALLBACK.png","contentUrl":"https:\/\/devetoper.com\/wp-content\/uploads\/2024\/05\/ORG_FALLBACK.png","width":696,"height":696,"caption":"Devetoper"},"image":{"@id":"https:\/\/devetoper.com\/#\/schema\/logo\/image\/"},"sameAs":["https:\/\/www.facebook.com\/DEVETOPERCOM","https:\/\/x.com\/DEVETOPER","https:\/\/www.youtube.com\/channel\/UCRF8haCQIXnFKmW464sqApQ","https:\/\/www.tiktok.com\/@devetoper","https:\/\/www.instagram.com\/devetoper_\/"]}]}},"taxonomy_info":[],"featured_image_src_large":false,"author_info":{"display_name":"DEVETOPER","author_link":"https:\/\/dev003.devetoper.com\/de\/author\/main-agency\/"},"comment_info":"","jetpack_sharing_enabled":true,"_links":{"self":[{"href":"https:\/\/dev003.devetoper.com\/de\/wp-json\/wp\/v2\/property\/328076","targetHints":{"allow":["GET"]}}],"collection":[{"href":"https:\/\/dev003.devetoper.com\/de\/wp-json\/wp\/v2\/property"}],"about":[{"href":"https:\/\/dev003.devetoper.com\/de\/wp-json\/wp\/v2\/types\/property"}],"author":[{"embeddable":true,"href":"https:\/\/dev003.devetoper.com\/de\/wp-json\/wp\/v2\/users\/4"}],"version-history":[{"count":0,"href":"https:\/\/dev003.devetoper.com\/de\/wp-json\/wp\/v2\/property\/328076\/revisions"}],"acf:attachment":[{"embeddable":true,"href":"https:\/\/dev003.devetoper.com\/de\/wp-json\/wp\/v2\/media\/194533"},{"embeddable":true,"href":"https:\/\/dev003.devetoper.com\/de\/wp-json\/wp\/v2\/media\/194532"},{"embeddable":true,"href":"https:\/\/dev003.devetoper.com\/de\/wp-json\/wp\/v2\/media\/194531"},{"embeddable":true,"href":"https:\/\/dev003.devetoper.com\/de\/wp-json\/wp\/v2\/media\/194530"},{"embeddable":true,"href":"https:\/\/dev003.devetoper.com\/de\/wp-json\/wp\/v2\/media\/194529"},{"embeddable":true,"href":"https:\/\/dev003.devetoper.com\/de\/wp-json\/wp\/v2\/media\/194528"},{"embeddable":true,"href":"https:\/\/dev003.devetoper.com\/de\/wp-json\/wp\/v2\/media\/194527"},{"embeddable":true,"href":"https:\/\/dev003.devetoper.com\/de\/wp-json\/wp\/v2\/media\/194526"},{"embeddable":true,"href":"https:\/\/dev003.devetoper.com\/de\/wp-json\/wp\/v2\/media\/194525"},{"embeddable":true,"href":"https:\/\/dev003.devetoper.com\/de\/wp-json\/wp\/v2\/media\/194524"},{"embeddable":true,"href":"https:\/\/dev003.devetoper.com\/de\/wp-json\/wp\/v2\/media\/194523"},{"embeddable":true,"href":"https:\/\/dev003.devetoper.com\/de\/wp-json\/wp\/v2\/media\/194522"},{"embeddable":true,"href":"https:\/\/dev003.devetoper.com\/de\/wp-json\/wp\/v2\/media\/194521"},{"embeddable":true,"href":"https:\/\/dev003.devetoper.com\/de\/wp-json\/wp\/v2\/media\/194520"},{"embeddable":true,"href":"https:\/\/dev003.devetoper.com\/de\/wp-json\/wp\/v2\/media\/194519"},{"embeddable":true,"href":"https:\/\/dev003.devetoper.com\/de\/wp-json\/wp\/v2\/media\/194518"}],"wp:attachment":[{"href":"https:\/\/dev003.devetoper.com\/de\/wp-json\/wp\/v2\/media?parent=328076"}],"wp:term":[{"taxonomy":"category","embeddable":true,"href":"https:\/\/dev003.devetoper.com\/de\/wp-json\/wp\/v2\/categories?post=328076"},{"taxonomy":"post_tag","embeddable":true,"href":"https:\/\/dev003.devetoper.com\/de\/wp-json\/wp\/v2\/tags?post=328076"}],"curies":[{"name":"wp","href":"https:\/\/api.w.org\/{rel}","templated":true}]}}