{"id":328616,"date":"2025-11-19T14:29:39","date_gmt":"2025-11-19T13:29:39","guid":{"rendered":"https:\/\/devetoper.com\/properties\/his969-3\/"},"modified":"2025-12-12T05:30:10","modified_gmt":"2025-12-12T04:30:10","slug":"his969-3","status":"publish","type":"property","link":"https:\/\/dev003.devetoper.com\/de\/properties\/his969-3\/","title":{"rendered":"HIS969"},"content":{"rendered":"<p class=\"x_MsoNormal\" data-olk-copy-source=\"MessageBody\"><span dir=\"auto\">Die neue Wohnanlage <\/span><strong><span dir=\"auto\">C\u00e9lere San Vicente III<\/span><\/strong><span dir=\"auto\"> befindet <\/span><strong><span dir=\"auto\">sich im Stadtteil La Raiosa<\/span><\/strong><span dir=\"auto\">, genauer gesagt an der Ecke der <\/span><strong><span dir=\"auto\">Stra\u00dfen San Vicente und Amparo Iturbi<\/span><\/strong><span dir=\"auto\">. <\/span><span dir=\"auto\"> Die Siedlung liegt 500 Meter vom Bahnhof Joaqu\u00edn Sorolla und dem Zentralpark von Valencia mit 100.000 Quadratmetern Gr\u00fcnfl\u00e4che sowie 1,5 km vom Stadtzentrum <\/span><strong><span dir=\"auto\">Valencias entfernt.<\/span><\/strong><\/p>\n<p class=\"x_MsoNormal\"><span dir=\"auto\">Das Projekt befindet sich in <\/span><strong><span dir=\"auto\">PRI Moncayo<\/span><\/strong><span dir=\"auto\">, wo die Bahngleise verlegt werden, um die Verkehrsanbindung des Gebiets zu verbessern und es zu einem neuen Viertel in der N\u00e4he des Stadtzentrums von Valencia zu machen.<\/span><\/p>\n<p class=\"x_MsoNormal\"><span dir=\"auto\">Dank der U-Bahn-Station Jes\u00fas (Linien 1, 2 und 7) und der EMT-Buslinien C2, C3, 27, 64, 10 und 9 ist das Gebiet verkehrstechnisch hervorragend an alle Teile Valencias angebunden und verf\u00fcgt \u00fcber alle Arten von Dienstleistungen.<\/span><\/p>\n<section id=\"vista-general\" class=\"hero__detalle vc-component vc-autoid-3a67441d8769dfaa59ad8ddcb43f9a8deb8944fb\" data-component-name=\"hero-detalle\" data-gtm-position=\"foto\">\n<div class=\"hero__box\">\n<div class=\"card-promo--info\"><\/div>\n<\/div>\n<\/section>\n<div id=\"descripcion\" class=\"text-top--promo-detalle vc-component vc-autoid-13f8fc2d70c465ce1e8714cb64f81f35425e3fb7\" data-component-name=\"text-top--promo-detalle\">\n<div class=\"circle circle-component vc-component vc-autoid-9db9a7d7ae79b4e436918bdc5000d86e87ea39fa\" data-component-name=\"circle\">\n<div><\/div>\n<\/div>\n<div class=\"box-text--2col\">\n<p class=\"x_xmsonormal\"><b data-olk-copy-source=\"MessageBody\"><span dir=\"auto\">C\u00e9lere San Vicente III<\/span><\/b><span dir=\"auto\"> ist eine Wohnanlage mit 28 <\/span><b><span dir=\"auto\">Ein-, Zwei- und Drei-Zimmer-Wohnungen<\/span><\/b><span dir=\"auto\">, die \u00fcber einen einzigen Eingang zug\u00e4nglich sind. Die Wohnungen verf\u00fcgen \u00fcber eine Terrasse und einen Fahrradraum.<\/span><\/p>\n<p class=\"x_xmsonormal\"><span dir=\"auto\">Dieses neue Wohnbauprojekt in <\/span><b><span dir=\"auto\">PRI Moncayo<\/span><\/b><span dir=\"auto\"> mit einem modernen und innovativen Image wird zur Erneuerung und Konsolidierung des Viertels als neue Entwicklung in der N\u00e4he des Stadtzentrums von <\/span><b><span dir=\"auto\">Valencia<\/span><\/b><span dir=\"auto\"> beitragen <\/span><span dir=\"auto\">.<\/span><\/p>\n<p class=\"x_xmsonormal\"><span dir=\"auto\">In C\u00e9lere San Vicente III finden Sie <\/span><b><span dir=\"auto\">ausgezeichnete Gemeinschaftsr\u00e4ume<\/span><\/b><span dir=\"auto\">, einen Coworking-Raum, der ideal f\u00fcr diejenigen ist, die von zu Hause aus arbeiten oder studieren, und einen Fitnessbereich, in dem Sie sich um Ihr Wohlbefinden k\u00fcmmern k\u00f6nnen, ohne das Geb\u00e4ude zu verlassen.<\/span><\/p>\n<p class=\"x_xmsonormal\"><span dir=\"auto\">Bei V\u00eda C\u00e9lere setzen wir auf Innovation und die Einf\u00fchrung immer effizienterer Systeme. Das Ergebnis sind nachhaltige, umweltfreundliche Geb\u00e4ude. Unser Projekt wurde in <\/span><b><span dir=\"auto\">die Energieklasse<\/span><\/b><span dir=\"auto\"> A eingestuft.<\/span><\/p>\n<p class=\"x_xmsonormal\"><span dir=\"auto\">C\u00e9lere San Vicente III ist ein Wohnkomplex, der so konzipiert ist, dass er all Ihre Bed\u00fcrfnisse erf\u00fcllt und Ihnen und Ihrer Familie einen komfortablen Raum bietet, der den perfekten Ort zum Leben mit Ihrer Familie darstellt.<\/span><\/p>\n<\/div>\n<\/div>\n","protected":false},"excerpt":{"rendered":"<p>Die neue Wohnanlage C\u00e9lere San Vicente III befindet sich im Stadtteil La Raiosa, genauer gesagt an der Ecke der Stra\u00dfen San Vicente und Amparo Iturbi. Die Siedlung liegt 500 Meter vom Bahnhof Joaqu\u00edn Sorolla und dem Zentralpark von Valencia mit 100.000 Quadratmetern Gr\u00fcnfl\u00e4che sowie 1,5 km vom Stadtzentrum Valencias entfernt. Das Projekt befindet sich in&#8230;<\/p>\n","protected":false},"author":1156,"featured_media":0,"menu_order":0,"template":"","meta":{"_acf_changed":false,"_kad_blocks_custom_css":"","_kad_blocks_head_custom_js":"","_kad_blocks_body_custom_js":"","_kad_blocks_footer_custom_js":"","_kad_post_transparent":"","_kad_post_title":"","_kad_post_layout":"","_kad_post_sidebar_id":"","_kad_post_content_style":"","_kad_post_vertical_padding":"","_kad_post_feature":"","_kad_post_feature_position":"","_kad_post_header":false,"_kad_post_footer":false,"_joinchat":[],"footnotes":""},"categories":[14],"tags":[],"class_list":["post-328616","property","type-property","status-publish","hentry","category-bez-kategorii"],"acf":{"add_photos":[316872,316873,316874],"video":""},"yoast_head":"<!-- This site is optimized with the Yoast SEO plugin v24.5 - https:\/\/yoast.com\/wordpress\/plugins\/seo\/ -->\n<title>HIS969 - Devetoper<\/title>\n<meta name=\"robots\" content=\"noindex, follow\" \/>\n<meta property=\"og:locale\" content=\"de_DE\" \/>\n<meta property=\"og:type\" content=\"article\" \/>\n<meta property=\"og:title\" content=\"HIS969 - Devetoper\" \/>\n<meta property=\"og:description\" content=\"Die neue Wohnanlage C\u00e9lere San Vicente III befindet sich im Stadtteil La Raiosa, genauer gesagt an der Ecke der Stra\u00dfen San Vicente und Amparo Iturbi. Die Siedlung liegt 500 Meter vom Bahnhof Joaqu\u00edn Sorolla und dem Zentralpark von Valencia mit 100.000 Quadratmetern Gr\u00fcnfl\u00e4che sowie 1,5 km vom Stadtzentrum Valencias entfernt. Das Projekt befindet sich in...\" \/>\n<meta property=\"og:url\" content=\"https:\/\/dev003.devetoper.com\/de\/properties\/his969-3\/\" \/>\n<meta property=\"og:site_name\" content=\"Devetoper\" \/>\n<meta property=\"article:publisher\" content=\"https:\/\/www.facebook.com\/DEVETOPERCOM\" \/>\n<meta property=\"article:modified_time\" content=\"2025-12-12T04:30:10+00:00\" \/>\n<meta property=\"og:image\" content=\"https:\/\/dev003.devetoper.com\/wp-content\/uploads\/2024\/05\/FALLBACK.png\" \/>\n\t<meta property=\"og:image:width\" content=\"1200\" \/>\n\t<meta property=\"og:image:height\" content=\"675\" \/>\n\t<meta property=\"og:image:type\" content=\"image\/png\" \/>\n<meta name=\"twitter:card\" content=\"summary_large_image\" \/>\n<meta name=\"twitter:site\" content=\"@DEVETOPER\" \/>\n<meta name=\"twitter:label1\" content=\"Gesch\u00e4tzte Lesezeit\" \/>\n\t<meta name=\"twitter:data1\" content=\"1 minute\" \/>\n<script type=\"application\/ld+json\" class=\"yoast-schema-graph\">{\"@context\":\"https:\/\/schema.org\",\"@graph\":[{\"@type\":[\"WebPage\",\"RealEstateListing\"],\"@id\":\"https:\/\/dev003.devetoper.com\/de\/properties\/his969-3\/\",\"url\":\"https:\/\/dev003.devetoper.com\/de\/properties\/his969-3\/\",\"name\":\"HIS969 - Devetoper\",\"isPartOf\":{\"@id\":\"https:\/\/devetoper.com\/#website\"},\"datePublished\":\"2025-11-19T13:29:39+00:00\",\"dateModified\":\"2025-12-12T04:30:10+00:00\",\"breadcrumb\":{\"@id\":\"https:\/\/dev003.devetoper.com\/de\/properties\/his969-3\/#breadcrumb\"},\"inLanguage\":\"de-DE\",\"potentialAction\":[{\"@type\":\"ReadAction\",\"target\":[\"https:\/\/dev003.devetoper.com\/de\/properties\/his969-3\/\"]}]},{\"@type\":\"BreadcrumbList\",\"@id\":\"https:\/\/dev003.devetoper.com\/de\/properties\/his969-3\/#breadcrumb\",\"itemListElement\":[{\"@type\":\"ListItem\",\"position\":1,\"name\":\"Startseite\",\"item\":\"https:\/\/devetoper.com\/de\/\"},{\"@type\":\"ListItem\",\"position\":2,\"name\":\"Properties\",\"item\":\"https:\/\/dev003.devetoper.com\/de\/properties\/\"},{\"@type\":\"ListItem\",\"position\":3,\"name\":\"HIS969\"}]},{\"@type\":\"WebSite\",\"@id\":\"https:\/\/devetoper.com\/#website\",\"url\":\"https:\/\/devetoper.com\/\",\"name\":\"Devetoper\",\"description\":\"\u041f\u0440\u043e\u0444\u0435\u0441\u0441\u0438\u043e\u043d\u0430\u043b\u0438\u0437\u043c, \u043e\u0431\u0435\u0441\u043f\u0435\u0447\u0438\u0432\u0430\u044e\u0449\u0438\u0439 \u0431\u0435\u0437\u043e\u043f\u0430\u0441\u043d\u043e\u0441\u0442\u044c \u043a\u0430\u0436\u0434\u043e\u0439 \u0442\u0440\u0430\u043d\u0437\u0430\u043a\u0446\u0438\u0438\",\"publisher\":{\"@id\":\"https:\/\/devetoper.com\/#organization\"},\"potentialAction\":[{\"@type\":\"SearchAction\",\"target\":{\"@type\":\"EntryPoint\",\"urlTemplate\":\"https:\/\/devetoper.com\/?s={search_term_string}\"},\"query-input\":{\"@type\":\"PropertyValueSpecification\",\"valueRequired\":true,\"valueName\":\"search_term_string\"}}],\"inLanguage\":\"de-DE\"},{\"@type\":\"Organization\",\"@id\":\"https:\/\/devetoper.com\/#organization\",\"name\":\"Devetoper\",\"url\":\"https:\/\/devetoper.com\/\",\"logo\":{\"@type\":\"ImageObject\",\"inLanguage\":\"de-DE\",\"@id\":\"https:\/\/devetoper.com\/#\/schema\/logo\/image\/\",\"url\":\"https:\/\/devetoper.com\/wp-content\/uploads\/2024\/05\/ORG_FALLBACK.png\",\"contentUrl\":\"https:\/\/devetoper.com\/wp-content\/uploads\/2024\/05\/ORG_FALLBACK.png\",\"width\":696,\"height\":696,\"caption\":\"Devetoper\"},\"image\":{\"@id\":\"https:\/\/devetoper.com\/#\/schema\/logo\/image\/\"},\"sameAs\":[\"https:\/\/www.facebook.com\/DEVETOPERCOM\",\"https:\/\/x.com\/DEVETOPER\",\"https:\/\/www.youtube.com\/channel\/UCRF8haCQIXnFKmW464sqApQ\",\"https:\/\/www.tiktok.com\/@devetoper\",\"https:\/\/www.instagram.com\/devetoper_\/\"]}]}<\/script>\n<!-- \/ Yoast SEO plugin. -->","yoast_head_json":{"title":"HIS969 - Devetoper","robots":{"index":"noindex","follow":"follow"},"og_locale":"de_DE","og_type":"article","og_title":"HIS969 - Devetoper","og_description":"Die neue Wohnanlage C\u00e9lere San Vicente III befindet sich im Stadtteil La Raiosa, genauer gesagt an der Ecke der Stra\u00dfen San Vicente und Amparo Iturbi. Die Siedlung liegt 500 Meter vom Bahnhof Joaqu\u00edn Sorolla und dem Zentralpark von Valencia mit 100.000 Quadratmetern Gr\u00fcnfl\u00e4che sowie 1,5 km vom Stadtzentrum Valencias entfernt. Das Projekt befindet sich in...","og_url":"https:\/\/dev003.devetoper.com\/de\/properties\/his969-3\/","og_site_name":"Devetoper","article_publisher":"https:\/\/www.facebook.com\/DEVETOPERCOM","article_modified_time":"2025-12-12T04:30:10+00:00","og_image":[{"width":1200,"height":675,"url":"https:\/\/dev003.devetoper.com\/wp-content\/uploads\/2024\/05\/FALLBACK.png","type":"image\/png"}],"twitter_card":"summary_large_image","twitter_site":"@DEVETOPER","twitter_misc":{"Gesch\u00e4tzte Lesezeit":"1 minute"},"schema":{"@context":"https:\/\/schema.org","@graph":[{"@type":["WebPage","RealEstateListing"],"@id":"https:\/\/dev003.devetoper.com\/de\/properties\/his969-3\/","url":"https:\/\/dev003.devetoper.com\/de\/properties\/his969-3\/","name":"HIS969 - Devetoper","isPartOf":{"@id":"https:\/\/devetoper.com\/#website"},"datePublished":"2025-11-19T13:29:39+00:00","dateModified":"2025-12-12T04:30:10+00:00","breadcrumb":{"@id":"https:\/\/dev003.devetoper.com\/de\/properties\/his969-3\/#breadcrumb"},"inLanguage":"de-DE","potentialAction":[{"@type":"ReadAction","target":["https:\/\/dev003.devetoper.com\/de\/properties\/his969-3\/"]}]},{"@type":"BreadcrumbList","@id":"https:\/\/dev003.devetoper.com\/de\/properties\/his969-3\/#breadcrumb","itemListElement":[{"@type":"ListItem","position":1,"name":"Startseite","item":"https:\/\/devetoper.com\/de\/"},{"@type":"ListItem","position":2,"name":"Properties","item":"https:\/\/dev003.devetoper.com\/de\/properties\/"},{"@type":"ListItem","position":3,"name":"HIS969"}]},{"@type":"WebSite","@id":"https:\/\/devetoper.com\/#website","url":"https:\/\/devetoper.com\/","name":"Devetoper","description":"\u041f\u0440\u043e\u0444\u0435\u0441\u0441\u0438\u043e\u043d\u0430\u043b\u0438\u0437\u043c, \u043e\u0431\u0435\u0441\u043f\u0435\u0447\u0438\u0432\u0430\u044e\u0449\u0438\u0439 \u0431\u0435\u0437\u043e\u043f\u0430\u0441\u043d\u043e\u0441\u0442\u044c \u043a\u0430\u0436\u0434\u043e\u0439 \u0442\u0440\u0430\u043d\u0437\u0430\u043a\u0446\u0438\u0438","publisher":{"@id":"https:\/\/devetoper.com\/#organization"},"potentialAction":[{"@type":"SearchAction","target":{"@type":"EntryPoint","urlTemplate":"https:\/\/devetoper.com\/?s={search_term_string}"},"query-input":{"@type":"PropertyValueSpecification","valueRequired":true,"valueName":"search_term_string"}}],"inLanguage":"de-DE"},{"@type":"Organization","@id":"https:\/\/devetoper.com\/#organization","name":"Devetoper","url":"https:\/\/devetoper.com\/","logo":{"@type":"ImageObject","inLanguage":"de-DE","@id":"https:\/\/devetoper.com\/#\/schema\/logo\/image\/","url":"https:\/\/devetoper.com\/wp-content\/uploads\/2024\/05\/ORG_FALLBACK.png","contentUrl":"https:\/\/devetoper.com\/wp-content\/uploads\/2024\/05\/ORG_FALLBACK.png","width":696,"height":696,"caption":"Devetoper"},"image":{"@id":"https:\/\/devetoper.com\/#\/schema\/logo\/image\/"},"sameAs":["https:\/\/www.facebook.com\/DEVETOPERCOM","https:\/\/x.com\/DEVETOPER","https:\/\/www.youtube.com\/channel\/UCRF8haCQIXnFKmW464sqApQ","https:\/\/www.tiktok.com\/@devetoper","https:\/\/www.instagram.com\/devetoper_\/"]}]}},"taxonomy_info":{"category":[{"value":14,"label":"Bez kategorii"}]},"featured_image_src_large":false,"author_info":{"display_name":"DEVETOPER","author_link":"https:\/\/dev003.devetoper.com\/de\/author\/devetoper\/"},"comment_info":"","jetpack_sharing_enabled":true,"_links":{"self":[{"href":"https:\/\/dev003.devetoper.com\/de\/wp-json\/wp\/v2\/property\/328616","targetHints":{"allow":["GET"]}}],"collection":[{"href":"https:\/\/dev003.devetoper.com\/de\/wp-json\/wp\/v2\/property"}],"about":[{"href":"https:\/\/dev003.devetoper.com\/de\/wp-json\/wp\/v2\/types\/property"}],"author":[{"embeddable":true,"href":"https:\/\/dev003.devetoper.com\/de\/wp-json\/wp\/v2\/users\/1156"}],"version-history":[{"count":0,"href":"https:\/\/dev003.devetoper.com\/de\/wp-json\/wp\/v2\/property\/328616\/revisions"}],"acf:attachment":[{"embeddable":true,"href":"https:\/\/dev003.devetoper.com\/de\/wp-json\/wp\/v2\/media\/316874"},{"embeddable":true,"href":"https:\/\/dev003.devetoper.com\/de\/wp-json\/wp\/v2\/media\/316873"},{"embeddable":true,"href":"https:\/\/dev003.devetoper.com\/de\/wp-json\/wp\/v2\/media\/316872"}],"wp:attachment":[{"href":"https:\/\/dev003.devetoper.com\/de\/wp-json\/wp\/v2\/media?parent=328616"}],"wp:term":[{"taxonomy":"category","embeddable":true,"href":"https:\/\/dev003.devetoper.com\/de\/wp-json\/wp\/v2\/categories?post=328616"},{"taxonomy":"post_tag","embeddable":true,"href":"https:\/\/dev003.devetoper.com\/de\/wp-json\/wp\/v2\/tags?post=328616"}],"curies":[{"name":"wp","href":"https:\/\/api.w.org\/{rel}","templated":true}]}}