{"id":348301,"date":"2026-01-23T17:08:57","date_gmt":"2026-01-23T16:08:57","guid":{"rendered":"https:\/\/devetoper.com\/properties\/wer-bist-du-2\/"},"modified":"2026-01-23T17:08:57","modified_gmt":"2026-01-23T16:08:57","slug":"wer-bist-du-2","status":"publish","type":"property","link":"https:\/\/dev003.devetoper.com\/de\/properties\/wer-bist-du-2\/","title":{"rendered":"Wer bist du?"},"content":{"rendered":"<p>\ud83c\udfe2 Edificio \u00cdtaca \u2013 Luxuswohnungen in Re\u00f1aca, Vi\u00f1a del Mar \ud83c\udde8\ud83c\uddf1<\/p>\n<p>Prestigetr\u00e4chtiges Wohnbauprojekt an der Av. Foresta de Re\u00f1aca 130, in einer der besten und gr\u00fcnsten Gegenden von Vi\u00f1a del Mar.<\/p>\n<p>Das Projekt verbindet moderne Architektur, Privatsph\u00e4re und spektakul\u00e4re Ausblicke auf den Parque La Foresta.<\/p>\n<p>\u2728 Die wichtigsten Informationen zum Projekt:<\/p>\n<p>\ud83c\udfe2 2 Geb\u00e4ude mit jeweils 14 Etagen<\/p>\n<p>\ud83c\udfe0 nur 52 Apartments \u2013 intimer Charakter<\/p>\n<p>\u00a0<\/p>\n<p>\ud83d\udecf\ufe0f 3 Schlafzimmer in einer Suite<\/p>\n<p>\ud83d\udecb\ufe0f 3 Schlafzimmer + Wohnzimmer (estar)<\/p>\n<p>\ud83d\udebf 4 Badezimmer<\/p>\n<p>\ud83d\udcd0 Fl\u00e4che ab 197 m\u00b2<\/p>\n<p>\u00a0<\/p>\n<p>\ud83c\udf3f Erneuerbare Energie \u2013 Photovoltaikmodule versorgen die Gemeinschaftsbereiche mit Strom<\/p>\n<p>\ud83d\udd11 Sofortige \u00dcbergabe (Entrega Inmediata)<\/p>\n<p>\ud83c\udfe1 Ausstattungsstandard:<\/p>\n<p>\u00a0<\/p>\n<p>Laminatb\u00f6den im gesamten Apartment<\/p>\n<p>Moderne K\u00fcche:<\/p>\n<p>K\u00fchlschr\u00e4nke mit Verkleidung<\/p>\n<p>Backofen<\/p>\n<p>Kochfeld<\/p>\n<p>Dunstabzugshaube<\/p>\n<p>Ger\u00e4umiges Wohnzimmer<\/p>\n<p>\u00a0<\/p>\n<p>gro\u00dfe Terrassen mit Blick auf den Park<\/p>\n<p>helle, elegante Innenr\u00e4ume, die mit Blick auf Komfort und Design entworfen wurden<\/p>\n<p>\ud83c\udf31 Gr\u00fcne Energie Edificio \u00cdtaca nutzt ein Photovoltaiksystem, das:<\/p>\n<p>\u00a0<\/p>\n<p>die Kosten f\u00fcr die Gemeinschaftsbereiche senkt<\/p>\n<p>den CO2-Fu\u00dfabdruck reduziert<\/p>\n<p>einen nachhaltigen Lebensstil f\u00f6rdert<\/p>\n<p>\ud83d\udcb0 Preis:<\/p>\n<p>ab UF 14.701<\/p>\n<p>\u00a0<\/p>\n<p>\u2248 ab 585.000 USD<\/p>\n<p>(ungef\u00e4hre Umrechnung, Preis abh\u00e4ngig vom aktuellen Wert des UF)<\/p>\n<p>\ud83d\udccd Lage: Av. Foresta de Re\u00f1aca 130, Vi\u00f1a del Mar<\/p>\n<p>\u2013 prestigetr\u00e4chtiges Viertel, ideale Kombination aus Natur und urbanem Lebensstil<\/p>\n<p>\u00a0<\/p>\n<p>\ud83d\udce9 Interessiert?<\/p>\n<p>Kontaktieren Sie uns, um Folgendes zu erhalten: \u2714\ufe0f verf\u00fcgbare Grundrisse<\/p>\n<p>\u2714\ufe0f vollst\u00e4ndige Spezifikationen<\/p>\n<p>\u2714\ufe0f Kaufbedingungen<\/p>\n<p>\u2714\ufe0f Kaufbetreuung f\u00fcr ausl\u00e4ndische Kunden<\/p>\n","protected":false},"excerpt":{"rendered":"<p>\ud83c\udfe2 Edificio \u00cdtaca \u2013 Luxuswohnungen in Re\u00f1aca, Vi\u00f1a del Mar \ud83c\udde8\ud83c\uddf1 Prestigetr\u00e4chtiges Wohnbauprojekt an der Av. Foresta de Re\u00f1aca 130, in einer der besten und gr\u00fcnsten Gegenden von Vi\u00f1a del Mar. Das Projekt verbindet moderne Architektur, Privatsph\u00e4re und spektakul\u00e4re Ausblicke auf den Parque La Foresta. \u2728 Die wichtigsten Informationen zum Projekt: \ud83c\udfe2 2 Geb\u00e4ude mit&#8230;<\/p>\n","protected":false},"author":1156,"featured_media":0,"menu_order":0,"template":"","meta":{"_acf_changed":false,"_kad_blocks_custom_css":"","_kad_blocks_head_custom_js":"","_kad_blocks_body_custom_js":"","_kad_blocks_footer_custom_js":"","_kad_post_transparent":"","_kad_post_title":"","_kad_post_layout":"","_kad_post_sidebar_id":"","_kad_post_content_style":"","_kad_post_vertical_padding":"","_kad_post_feature":"","_kad_post_feature_position":"","_kad_post_header":false,"_kad_post_footer":false,"_joinchat":[],"footnotes":""},"categories":[],"tags":[],"class_list":["post-348301","property","type-property","status-publish","hentry"],"acf":{"add_photos":[332630,332623,332629,332619,332618,332617,332620,332624,332622,332627,332626,332625,332621,332628],"video":""},"yoast_head":"<!-- This site is optimized with the Yoast SEO plugin v24.5 - https:\/\/yoast.com\/wordpress\/plugins\/seo\/ -->\n<title>Wer bist du? - Devetoper<\/title>\n<meta name=\"robots\" content=\"noindex, follow\" \/>\n<meta property=\"og:locale\" content=\"de_DE\" \/>\n<meta property=\"og:type\" content=\"article\" \/>\n<meta property=\"og:title\" content=\"Wer bist du? - Devetoper\" \/>\n<meta property=\"og:description\" content=\"\ud83c\udfe2 Edificio \u00cdtaca \u2013 Luxuswohnungen in Re\u00f1aca, Vi\u00f1a del Mar \ud83c\udde8\ud83c\uddf1 Prestigetr\u00e4chtiges Wohnbauprojekt an der Av. Foresta de Re\u00f1aca 130, in einer der besten und gr\u00fcnsten Gegenden von Vi\u00f1a del Mar. Das Projekt verbindet moderne Architektur, Privatsph\u00e4re und spektakul\u00e4re Ausblicke auf den Parque La Foresta. \u2728 Die wichtigsten Informationen zum Projekt: \ud83c\udfe2 2 Geb\u00e4ude mit...\" \/>\n<meta property=\"og:url\" content=\"https:\/\/dev003.devetoper.com\/de\/properties\/wer-bist-du-2\/\" \/>\n<meta property=\"og:site_name\" content=\"Devetoper\" \/>\n<meta property=\"article:publisher\" content=\"https:\/\/www.facebook.com\/DEVETOPERCOM\" \/>\n<meta property=\"og:image\" content=\"https:\/\/dev003.devetoper.com\/wp-content\/uploads\/2024\/05\/FALLBACK.png\" \/>\n\t<meta property=\"og:image:width\" content=\"1200\" \/>\n\t<meta property=\"og:image:height\" content=\"675\" \/>\n\t<meta property=\"og:image:type\" content=\"image\/png\" \/>\n<meta name=\"twitter:card\" content=\"summary_large_image\" \/>\n<meta name=\"twitter:site\" content=\"@DEVETOPER\" \/>\n<meta name=\"twitter:label1\" content=\"Gesch\u00e4tzte Lesezeit\" \/>\n\t<meta name=\"twitter:data1\" content=\"1 minute\" \/>\n<script type=\"application\/ld+json\" class=\"yoast-schema-graph\">{\"@context\":\"https:\/\/schema.org\",\"@graph\":[{\"@type\":[\"WebPage\",\"RealEstateListing\"],\"@id\":\"https:\/\/dev003.devetoper.com\/de\/properties\/wer-bist-du-2\/\",\"url\":\"https:\/\/dev003.devetoper.com\/de\/properties\/wer-bist-du-2\/\",\"name\":\"Wer bist du? - Devetoper\",\"isPartOf\":{\"@id\":\"https:\/\/devetoper.com\/#website\"},\"datePublished\":\"2026-01-23T16:08:57+00:00\",\"breadcrumb\":{\"@id\":\"https:\/\/dev003.devetoper.com\/de\/properties\/wer-bist-du-2\/#breadcrumb\"},\"inLanguage\":\"de-DE\",\"potentialAction\":[{\"@type\":\"ReadAction\",\"target\":[\"https:\/\/dev003.devetoper.com\/de\/properties\/wer-bist-du-2\/\"]}]},{\"@type\":\"BreadcrumbList\",\"@id\":\"https:\/\/dev003.devetoper.com\/de\/properties\/wer-bist-du-2\/#breadcrumb\",\"itemListElement\":[{\"@type\":\"ListItem\",\"position\":1,\"name\":\"Startseite\",\"item\":\"https:\/\/devetoper.com\/de\/\"},{\"@type\":\"ListItem\",\"position\":2,\"name\":\"Properties\",\"item\":\"https:\/\/dev003.devetoper.com\/de\/properties\/\"},{\"@type\":\"ListItem\",\"position\":3,\"name\":\"Wer bist du?\"}]},{\"@type\":\"WebSite\",\"@id\":\"https:\/\/devetoper.com\/#website\",\"url\":\"https:\/\/devetoper.com\/\",\"name\":\"Devetoper\",\"description\":\"\u041f\u0440\u043e\u0444\u0435\u0441\u0441\u0438\u043e\u043d\u0430\u043b\u0438\u0437\u043c, \u043e\u0431\u0435\u0441\u043f\u0435\u0447\u0438\u0432\u0430\u044e\u0449\u0438\u0439 \u0431\u0435\u0437\u043e\u043f\u0430\u0441\u043d\u043e\u0441\u0442\u044c \u043a\u0430\u0436\u0434\u043e\u0439 \u0442\u0440\u0430\u043d\u0437\u0430\u043a\u0446\u0438\u0438\",\"publisher\":{\"@id\":\"https:\/\/devetoper.com\/#organization\"},\"potentialAction\":[{\"@type\":\"SearchAction\",\"target\":{\"@type\":\"EntryPoint\",\"urlTemplate\":\"https:\/\/devetoper.com\/?s={search_term_string}\"},\"query-input\":{\"@type\":\"PropertyValueSpecification\",\"valueRequired\":true,\"valueName\":\"search_term_string\"}}],\"inLanguage\":\"de-DE\"},{\"@type\":\"Organization\",\"@id\":\"https:\/\/devetoper.com\/#organization\",\"name\":\"Devetoper\",\"url\":\"https:\/\/devetoper.com\/\",\"logo\":{\"@type\":\"ImageObject\",\"inLanguage\":\"de-DE\",\"@id\":\"https:\/\/devetoper.com\/#\/schema\/logo\/image\/\",\"url\":\"https:\/\/devetoper.com\/wp-content\/uploads\/2024\/05\/ORG_FALLBACK.png\",\"contentUrl\":\"https:\/\/devetoper.com\/wp-content\/uploads\/2024\/05\/ORG_FALLBACK.png\",\"width\":696,\"height\":696,\"caption\":\"Devetoper\"},\"image\":{\"@id\":\"https:\/\/devetoper.com\/#\/schema\/logo\/image\/\"},\"sameAs\":[\"https:\/\/www.facebook.com\/DEVETOPERCOM\",\"https:\/\/x.com\/DEVETOPER\",\"https:\/\/www.youtube.com\/channel\/UCRF8haCQIXnFKmW464sqApQ\",\"https:\/\/www.tiktok.com\/@devetoper\",\"https:\/\/www.instagram.com\/devetoper_\/\"]}]}<\/script>\n<!-- \/ Yoast SEO plugin. -->","yoast_head_json":{"title":"Wer bist du? - Devetoper","robots":{"index":"noindex","follow":"follow"},"og_locale":"de_DE","og_type":"article","og_title":"Wer bist du? - Devetoper","og_description":"\ud83c\udfe2 Edificio \u00cdtaca \u2013 Luxuswohnungen in Re\u00f1aca, Vi\u00f1a del Mar \ud83c\udde8\ud83c\uddf1 Prestigetr\u00e4chtiges Wohnbauprojekt an der Av. Foresta de Re\u00f1aca 130, in einer der besten und gr\u00fcnsten Gegenden von Vi\u00f1a del Mar. Das Projekt verbindet moderne Architektur, Privatsph\u00e4re und spektakul\u00e4re Ausblicke auf den Parque La Foresta. \u2728 Die wichtigsten Informationen zum Projekt: \ud83c\udfe2 2 Geb\u00e4ude mit...","og_url":"https:\/\/dev003.devetoper.com\/de\/properties\/wer-bist-du-2\/","og_site_name":"Devetoper","article_publisher":"https:\/\/www.facebook.com\/DEVETOPERCOM","og_image":[{"width":1200,"height":675,"url":"https:\/\/dev003.devetoper.com\/wp-content\/uploads\/2024\/05\/FALLBACK.png","type":"image\/png"}],"twitter_card":"summary_large_image","twitter_site":"@DEVETOPER","twitter_misc":{"Gesch\u00e4tzte Lesezeit":"1 minute"},"schema":{"@context":"https:\/\/schema.org","@graph":[{"@type":["WebPage","RealEstateListing"],"@id":"https:\/\/dev003.devetoper.com\/de\/properties\/wer-bist-du-2\/","url":"https:\/\/dev003.devetoper.com\/de\/properties\/wer-bist-du-2\/","name":"Wer bist du? - Devetoper","isPartOf":{"@id":"https:\/\/devetoper.com\/#website"},"datePublished":"2026-01-23T16:08:57+00:00","breadcrumb":{"@id":"https:\/\/dev003.devetoper.com\/de\/properties\/wer-bist-du-2\/#breadcrumb"},"inLanguage":"de-DE","potentialAction":[{"@type":"ReadAction","target":["https:\/\/dev003.devetoper.com\/de\/properties\/wer-bist-du-2\/"]}]},{"@type":"BreadcrumbList","@id":"https:\/\/dev003.devetoper.com\/de\/properties\/wer-bist-du-2\/#breadcrumb","itemListElement":[{"@type":"ListItem","position":1,"name":"Startseite","item":"https:\/\/devetoper.com\/de\/"},{"@type":"ListItem","position":2,"name":"Properties","item":"https:\/\/dev003.devetoper.com\/de\/properties\/"},{"@type":"ListItem","position":3,"name":"Wer bist du?"}]},{"@type":"WebSite","@id":"https:\/\/devetoper.com\/#website","url":"https:\/\/devetoper.com\/","name":"Devetoper","description":"\u041f\u0440\u043e\u0444\u0435\u0441\u0441\u0438\u043e\u043d\u0430\u043b\u0438\u0437\u043c, \u043e\u0431\u0435\u0441\u043f\u0435\u0447\u0438\u0432\u0430\u044e\u0449\u0438\u0439 \u0431\u0435\u0437\u043e\u043f\u0430\u0441\u043d\u043e\u0441\u0442\u044c \u043a\u0430\u0436\u0434\u043e\u0439 \u0442\u0440\u0430\u043d\u0437\u0430\u043a\u0446\u0438\u0438","publisher":{"@id":"https:\/\/devetoper.com\/#organization"},"potentialAction":[{"@type":"SearchAction","target":{"@type":"EntryPoint","urlTemplate":"https:\/\/devetoper.com\/?s={search_term_string}"},"query-input":{"@type":"PropertyValueSpecification","valueRequired":true,"valueName":"search_term_string"}}],"inLanguage":"de-DE"},{"@type":"Organization","@id":"https:\/\/devetoper.com\/#organization","name":"Devetoper","url":"https:\/\/devetoper.com\/","logo":{"@type":"ImageObject","inLanguage":"de-DE","@id":"https:\/\/devetoper.com\/#\/schema\/logo\/image\/","url":"https:\/\/devetoper.com\/wp-content\/uploads\/2024\/05\/ORG_FALLBACK.png","contentUrl":"https:\/\/devetoper.com\/wp-content\/uploads\/2024\/05\/ORG_FALLBACK.png","width":696,"height":696,"caption":"Devetoper"},"image":{"@id":"https:\/\/devetoper.com\/#\/schema\/logo\/image\/"},"sameAs":["https:\/\/www.facebook.com\/DEVETOPERCOM","https:\/\/x.com\/DEVETOPER","https:\/\/www.youtube.com\/channel\/UCRF8haCQIXnFKmW464sqApQ","https:\/\/www.tiktok.com\/@devetoper","https:\/\/www.instagram.com\/devetoper_\/"]}]}},"taxonomy_info":[],"featured_image_src_large":false,"author_info":{"display_name":"DEVETOPER","author_link":"https:\/\/dev003.devetoper.com\/de\/author\/devetoper\/"},"comment_info":"","jetpack_sharing_enabled":true,"_links":{"self":[{"href":"https:\/\/dev003.devetoper.com\/de\/wp-json\/wp\/v2\/property\/348301","targetHints":{"allow":["GET"]}}],"collection":[{"href":"https:\/\/dev003.devetoper.com\/de\/wp-json\/wp\/v2\/property"}],"about":[{"href":"https:\/\/dev003.devetoper.com\/de\/wp-json\/wp\/v2\/types\/property"}],"author":[{"embeddable":true,"href":"https:\/\/dev003.devetoper.com\/de\/wp-json\/wp\/v2\/users\/1156"}],"version-history":[{"count":0,"href":"https:\/\/dev003.devetoper.com\/de\/wp-json\/wp\/v2\/property\/348301\/revisions"}],"acf:attachment":[{"embeddable":true,"href":"https:\/\/dev003.devetoper.com\/de\/wp-json\/wp\/v2\/media\/332628"},{"embeddable":true,"href":"https:\/\/dev003.devetoper.com\/de\/wp-json\/wp\/v2\/media\/332621"},{"embeddable":true,"href":"https:\/\/dev003.devetoper.com\/de\/wp-json\/wp\/v2\/media\/332625"},{"embeddable":true,"href":"https:\/\/dev003.devetoper.com\/de\/wp-json\/wp\/v2\/media\/332626"},{"embeddable":true,"href":"https:\/\/dev003.devetoper.com\/de\/wp-json\/wp\/v2\/media\/332627"},{"embeddable":true,"href":"https:\/\/dev003.devetoper.com\/de\/wp-json\/wp\/v2\/media\/332622"},{"embeddable":true,"href":"https:\/\/dev003.devetoper.com\/de\/wp-json\/wp\/v2\/media\/332624"},{"embeddable":true,"href":"https:\/\/dev003.devetoper.com\/de\/wp-json\/wp\/v2\/media\/332620"},{"embeddable":true,"href":"https:\/\/dev003.devetoper.com\/de\/wp-json\/wp\/v2\/media\/332617"},{"embeddable":true,"href":"https:\/\/dev003.devetoper.com\/de\/wp-json\/wp\/v2\/media\/332618"},{"embeddable":true,"href":"https:\/\/dev003.devetoper.com\/de\/wp-json\/wp\/v2\/media\/332619"},{"embeddable":true,"href":"https:\/\/dev003.devetoper.com\/de\/wp-json\/wp\/v2\/media\/332629"},{"embeddable":true,"href":"https:\/\/dev003.devetoper.com\/de\/wp-json\/wp\/v2\/media\/332623"},{"embeddable":true,"href":"https:\/\/dev003.devetoper.com\/de\/wp-json\/wp\/v2\/media\/332630"}],"wp:attachment":[{"href":"https:\/\/dev003.devetoper.com\/de\/wp-json\/wp\/v2\/media?parent=348301"}],"wp:term":[{"taxonomy":"category","embeddable":true,"href":"https:\/\/dev003.devetoper.com\/de\/wp-json\/wp\/v2\/categories?post=348301"},{"taxonomy":"post_tag","embeddable":true,"href":"https:\/\/dev003.devetoper.com\/de\/wp-json\/wp\/v2\/tags?post=348301"}],"curies":[{"name":"wp","href":"https:\/\/api.w.org\/{rel}","templated":true}]}}